{"version":"1.0","provider_name":"Gimn\u00e0stic de Tarragona SAD","provider_url":"https:\/\/gimnasticdetarragona.cat\/es\/","author_name":"desarrollo","author_url":"https:\/\/gimnasticdetarragona.cat\/es\/author\/desarrollo\/","title":"Se presenta la barretina del N\u00e0stic - Gimn\u00e0stic de Tarragona SAD","type":"rich","width":600,"height":338,"html":"<blockquote class=\"wp-embedded-content\" data-secret=\"EbqtQOg0WF\"><a href=\"https:\/\/gimnasticdetarragona.cat\/es\/se-presenta-la-barretina-del-nastic\/\">Se presenta la barretina del N\u00e0stic<\/a><\/blockquote><iframe sandbox=\"allow-scripts\" security=\"restricted\" src=\"https:\/\/gimnasticdetarragona.cat\/es\/se-presenta-la-barretina-del-nastic\/embed\/#?secret=EbqtQOg0WF\" width=\"600\" height=\"338\" title=\"\u00abSe presenta la barretina del N\u00e0stic\u00bb \u2014 Gimn\u00e0stic de Tarragona SAD\" data-secret=\"EbqtQOg0WF\" frameborder=\"0\" marginwidth=\"0\" marginheight=\"0\" scrolling=\"no\" class=\"wp-embedded-content\"><\/iframe><script>\n\/*! This file is auto-generated *\/\n!function(d,l){\"use strict\";l.querySelector&&d.addEventListener&&\"undefined\"!=typeof URL&&(d.wp=d.wp||{},d.wp.receiveEmbedMessage||(d.wp.receiveEmbedMessage=function(e){var t=e.data;if((t||t.secret||t.message||t.value)&&!\/[^a-zA-Z0-9]\/.test(t.secret)){for(var s,r,n,a=l.querySelectorAll('iframe[data-secret=\"'+t.secret+'\"]'),o=l.querySelectorAll('blockquote[data-secret=\"'+t.secret+'\"]'),c=new RegExp(\"^https?:$\",\"i\"),i=0;i<o.length;i++)o[i].style.display=\"none\";for(i=0;i<a.length;i++)s=a[i],e.source===s.contentWindow&&(s.removeAttribute(\"style\"),\"height\"===t.message?(1e3<(r=parseInt(t.value,10))?r=1e3:~~r<200&&(r=200),s.height=r):\"link\"===t.message&&(r=new URL(s.getAttribute(\"src\")),n=new URL(t.value),c.test(n.protocol))&&n.host===r.host&&l.activeElement===s&&(d.top.location.href=t.value))}},d.addEventListener(\"message\",d.wp.receiveEmbedMessage,!1),l.addEventListener(\"DOMContentLoaded\",function(){for(var e,t,s=l.querySelectorAll(\"iframe.wp-embedded-content\"),r=0;r<s.length;r++)(t=(e=s[r]).getAttribute(\"data-secret\"))||(t=Math.random().toString(36).substring(2,12),e.src+=\"#?secret=\"+t,e.setAttribute(\"data-secret\",t)),e.contentWindow.postMessage({message:\"ready\",secret:t},\"*\")},!1)))}(window,document);\n\/\/# sourceURL=https:\/\/gimnasticdetarragona.cat\/wp-includes\/js\/wp-embed.min.js\n<\/script>\n","description":"Hoy viernes se ha presentado en las instalaciones del Nou Estadi la barretina del N\u00e0stic, con la coincidencia de la Fiesta de Sant Jordi. Se trata de un producto m\u00e1s de la Marca N\u00e0stic y el acto ha contado con la presencia del Presidente Ra\u00fcl Font, el director de la Marca N\u00e0stic, Llu\u00eds F\u00e0bregas y [&hellip;]"}