{"id":1533,"date":"2022-06-15T07:34:20","date_gmt":"2022-06-15T05:34:20","guid":{"rendered":"https:\/\/clone.gimnasticdetarragona.cat\/index.php\/consejo-administracion\/"},"modified":"2025-12-21T22:24:15","modified_gmt":"2025-12-21T21:24:15","slug":"consejo-administracion","status":"publish","type":"page","link":"https:\/\/gimnasticdetarragona.cat\/es\/consejo-administracion\/","title":{"rendered":"Consejo Administracion"},"content":{"rendered":"\t\t<div data-elementor-type=\"wp-page\" data-elementor-id=\"1533\" class=\"elementor elementor-1533 elementor-579\" data-elementor-post-type=\"page\">\n\t\t\t\t\t\t<section class=\"has_eae_slider elementor-section elementor-top-section elementor-element elementor-element-7c0531d elementor-section-boxed elementor-section-height-default elementor-section-height-default\" data-eae-slider=\"40358\" data-id=\"7c0531d\" data-element_type=\"section\" data-e-type=\"section\">\n\t\t\t\t\t\t<div class=\"elementor-container elementor-column-gap-default\">\n\t\t\t\t\t<div class=\"has_eae_slider elementor-column elementor-col-100 elementor-top-column elementor-element elementor-element-b63eb96\" data-eae-slider=\"70518\" data-id=\"b63eb96\" data-element_type=\"column\" data-e-type=\"column\">\n\t\t\t<div class=\"elementor-widget-wrap elementor-element-populated\">\n\t\t\t\t\t\t<div class=\"elementor-element elementor-element-3419d1a elementor-widget elementor-widget-spacer\" data-id=\"3419d1a\" data-element_type=\"widget\" data-e-type=\"widget\" data-widget_type=\"spacer.default\">\n\t\t\t\t<div class=\"elementor-widget-container\">\n\t\t\t\t\t\t\t<div class=\"elementor-spacer\">\n\t\t\t<div class=\"elementor-spacer-inner\"><\/div>\n\t\t<\/div>\n\t\t\t\t\t\t<\/div>\n\t\t\t\t<\/div>\n\t\t\t\t\t<\/div>\n\t\t<\/div>\n\t\t\t\t\t<\/div>\n\t\t<\/section>\n\t\t\t\t<section class=\"has_eae_slider elementor-section elementor-top-section elementor-element elementor-element-0cce9b2 elementor-section-boxed elementor-section-height-default elementor-section-height-default\" data-eae-slider=\"67375\" data-id=\"0cce9b2\" data-element_type=\"section\" data-e-type=\"section\">\n\t\t\t\t\t\t<div class=\"elementor-container elementor-column-gap-no\">\n\t\t\t\t\t<div class=\"has_eae_slider elementor-column elementor-col-100 elementor-top-column elementor-element elementor-element-8e928fb\" data-eae-slider=\"26004\" data-id=\"8e928fb\" data-element_type=\"column\" data-e-type=\"column\">\n\t\t\t<div class=\"elementor-widget-wrap elementor-element-populated\">\n\t\t\t\t\t\t<div class=\"elementor-element elementor-element-4fa2000 elementor-widget elementor-widget-spacer\" data-id=\"4fa2000\" data-element_type=\"widget\" data-e-type=\"widget\" data-widget_type=\"spacer.default\">\n\t\t\t\t<div class=\"elementor-widget-container\">\n\t\t\t\t\t\t\t<div class=\"elementor-spacer\">\n\t\t\t<div class=\"elementor-spacer-inner\"><\/div>\n\t\t<\/div>\n\t\t\t\t\t\t<\/div>\n\t\t\t\t<\/div>\n\t\t\t\t<div class=\"elementor-element elementor-element-a8a1dbc elementor-widget elementor-widget-button\" data-id=\"a8a1dbc\" data-element_type=\"widget\" data-e-type=\"widget\" data-widget_type=\"button.default\">\n\t\t\t\t<div class=\"elementor-widget-container\">\n\t\t\t\t\t\t\t\t\t<div class=\"elementor-button-wrapper\">\n\t\t\t\t\t<a class=\"elementor-button elementor-button-link elementor-size-xs\" href=\"https:\/\/www.gimnasticdetarragona.cat\/index.php\/entitat\/\">\n\t\t\t\t\t\t<span class=\"elementor-button-content-wrapper\">\n\t\t\t\t\t\t<span class=\"elementor-button-icon\">\n\t\t\t\t<i aria-hidden=\"true\" class=\"fas fa-caret-left\"><\/i>\t\t\t<\/span>\n\t\t\t\t\t\t\t\t\t<span class=\"elementor-button-text\">Volver<\/span>\n\t\t\t\t\t<\/span>\n\t\t\t\t\t<\/a>\n\t\t\t\t<\/div>\n\t\t\t\t\t\t\t\t<\/div>\n\t\t\t\t<\/div>\n\t\t\t\t<div class=\"elementor-element elementor-element-2873313 elementor-widget-divider--view-line elementor-widget elementor-widget-divider\" data-id=\"2873313\" data-element_type=\"widget\" data-e-type=\"widget\" data-widget_type=\"divider.default\">\n\t\t\t\t<div class=\"elementor-widget-container\">\n\t\t\t\t\t\t\t<div class=\"elementor-divider\">\n\t\t\t<span class=\"elementor-divider-separator\">\n\t\t\t\t\t\t<\/span>\n\t\t<\/div>\n\t\t\t\t\t\t<\/div>\n\t\t\t\t<\/div>\n\t\t\t\t<div class=\"elementor-element elementor-element-11781af elementor-position-left elementor-vertical-align-bottom elementor-widget elementor-widget-image-box\" data-id=\"11781af\" data-element_type=\"widget\" data-e-type=\"widget\" data-widget_type=\"image-box.default\">\n\t\t\t\t<div class=\"elementor-widget-container\">\n\t\t\t\t\t<div class=\"elementor-image-box-wrapper\"><figure class=\"elementor-image-box-img\"><img fetchpriority=\"high\" decoding=\"async\" width=\"662\" height=\"770\" src=\"https:\/\/gimnasticdetarragona.cat\/wp-content\/uploads\/2022\/06\/logo-nastic-vermell.jpg\" class=\"attachment-full size-full wp-image-49\" alt=\"logo-nastic-vermell\" srcset=\"https:\/\/gimnasticdetarragona.cat\/wp-content\/uploads\/2022\/06\/logo-nastic-vermell.jpg 662w, https:\/\/gimnasticdetarragona.cat\/wp-content\/uploads\/2022\/06\/logo-nastic-vermell-258x300.jpg 258w\" sizes=\"(max-width: 662px) 100vw, 662px\" \/><\/figure><div class=\"elementor-image-box-content\"><h3 class=\"elementor-image-box-title\">CONSEJO DE ADMINISTRACI\u00d3N SAE<\/h3><\/div><\/div>\t\t\t\t<\/div>\n\t\t\t\t<\/div>\n\t\t\t\t<div class=\"elementor-element elementor-element-edb8d33 elementor-widget-divider--view-line elementor-widget elementor-widget-divider\" data-id=\"edb8d33\" data-element_type=\"widget\" data-e-type=\"widget\" data-widget_type=\"divider.default\">\n\t\t\t\t<div class=\"elementor-widget-container\">\n\t\t\t\t\t\t\t<div class=\"elementor-divider\">\n\t\t\t<span class=\"elementor-divider-separator\">\n\t\t\t\t\t\t<\/span>\n\t\t<\/div>\n\t\t\t\t\t\t<\/div>\n\t\t\t\t<\/div>\n\t\t\t\t<div class=\"elementor-element elementor-element-5427912 elementor-widget-divider--view-line elementor-widget elementor-widget-divider\" data-id=\"5427912\" data-element_type=\"widget\" data-e-type=\"widget\" data-widget_type=\"divider.default\">\n\t\t\t\t<div class=\"elementor-widget-container\">\n\t\t\t\t\t\t\t<div class=\"elementor-divider\">\n\t\t\t<span class=\"elementor-divider-separator\">\n\t\t\t\t\t\t<\/span>\n\t\t<\/div>\n\t\t\t\t\t\t<\/div>\n\t\t\t\t<\/div>\n\t\t\t\t<div class=\"elementor-element elementor-element-208db3a elementor-widget elementor-widget-spacer\" data-id=\"208db3a\" data-element_type=\"widget\" data-e-type=\"widget\" data-widget_type=\"spacer.default\">\n\t\t\t\t<div class=\"elementor-widget-container\">\n\t\t\t\t\t\t\t<div class=\"elementor-spacer\">\n\t\t\t<div class=\"elementor-spacer-inner\"><\/div>\n\t\t<\/div>\n\t\t\t\t\t\t<\/div>\n\t\t\t\t<\/div>\n\t\t\t\t<section class=\"has_eae_slider elementor-section elementor-inner-section elementor-element elementor-element-67c7d59 elementor-section-full_width elementor-section-height-default elementor-section-height-default\" data-eae-slider=\"27065\" data-id=\"67c7d59\" data-element_type=\"section\" data-e-type=\"section\">\n\t\t\t\t\t\t<div class=\"elementor-container elementor-column-gap-default\">\n\t\t\t\t\t<div class=\"has_eae_slider elementor-column elementor-col-33 elementor-inner-column elementor-element elementor-element-d412798\" data-eae-slider=\"35141\" data-id=\"d412798\" data-element_type=\"column\" data-e-type=\"column\">\n\t\t\t<div class=\"elementor-widget-wrap elementor-element-populated\">\n\t\t\t\t\t\t<div class=\"elementor-element elementor-element-cbaecb7 elementor-position-top elementor-widget elementor-widget-image-box\" data-id=\"cbaecb7\" data-element_type=\"widget\" data-e-type=\"widget\" data-widget_type=\"image-box.default\">\n\t\t\t\t<div class=\"elementor-widget-container\">\n\t\t\t\t\t<div class=\"elementor-image-box-wrapper\"><figure class=\"elementor-image-box-img\"><img decoding=\"async\" width=\"662\" height=\"662\" src=\"https:\/\/gimnasticdetarragona.cat\/wp-content\/uploads\/2022\/06\/gimnastic-lluis-fabregas.jpg\" class=\"attachment-full size-full wp-image-598\" alt=\"gimnastic-lluis-fabregas\" srcset=\"https:\/\/gimnasticdetarragona.cat\/wp-content\/uploads\/2022\/06\/gimnastic-lluis-fabregas.jpg 662w, https:\/\/gimnasticdetarragona.cat\/wp-content\/uploads\/2022\/06\/gimnastic-lluis-fabregas-300x300.jpg 300w, https:\/\/gimnasticdetarragona.cat\/wp-content\/uploads\/2022\/06\/gimnastic-lluis-fabregas-150x150.jpg 150w\" sizes=\"(max-width: 662px) 100vw, 662px\" \/><\/figure><div class=\"elementor-image-box-content\"><h3 class=\"elementor-image-box-title\">Llu\u00eds F\u00e0bregas<\/h3><p class=\"elementor-image-box-description\">Presidente ejecutivo<\/p><\/div><\/div>\t\t\t\t<\/div>\n\t\t\t\t<\/div>\n\t\t\t\t\t<\/div>\n\t\t<\/div>\n\t\t\t\t<div class=\"has_eae_slider elementor-column elementor-col-33 elementor-inner-column elementor-element elementor-element-39653db\" data-eae-slider=\"38358\" data-id=\"39653db\" data-element_type=\"column\" data-e-type=\"column\">\n\t\t\t<div class=\"elementor-widget-wrap elementor-element-populated\">\n\t\t\t\t\t\t<div class=\"elementor-element elementor-element-940bd7c elementor-position-top elementor-widget elementor-widget-image-box\" data-id=\"940bd7c\" data-element_type=\"widget\" data-e-type=\"widget\" data-widget_type=\"image-box.default\">\n\t\t\t\t<div class=\"elementor-widget-container\">\n\t\t\t\t\t<div class=\"elementor-image-box-wrapper\"><figure class=\"elementor-image-box-img\"><img decoding=\"async\" width=\"300\" height=\"300\" src=\"https:\/\/gimnasticdetarragona.cat\/wp-content\/uploads\/2022\/06\/gimnastic-josep-maria-andreu.jpg\" class=\"attachment-full size-full wp-image-479\" alt=\"gimnastic-josep-maria-andreu\" srcset=\"https:\/\/gimnasticdetarragona.cat\/wp-content\/uploads\/2022\/06\/gimnastic-josep-maria-andreu.jpg 300w, https:\/\/gimnasticdetarragona.cat\/wp-content\/uploads\/2022\/06\/gimnastic-josep-maria-andreu-150x150.jpg 150w\" sizes=\"(max-width: 300px) 100vw, 300px\" \/><\/figure><div class=\"elementor-image-box-content\"><h3 class=\"elementor-image-box-title\">Josep Maria Andreu<\/h3><p class=\"elementor-image-box-description\">Consejero<\/p><\/div><\/div>\t\t\t\t<\/div>\n\t\t\t\t<\/div>\n\t\t\t\t\t<\/div>\n\t\t<\/div>\n\t\t\t\t<div class=\"has_eae_slider elementor-column elementor-col-33 elementor-inner-column elementor-element elementor-element-b04c9ce\" data-eae-slider=\"38186\" data-id=\"b04c9ce\" data-element_type=\"column\" data-e-type=\"column\">\n\t\t\t<div class=\"elementor-widget-wrap elementor-element-populated\">\n\t\t\t\t\t\t<div class=\"elementor-element elementor-element-505b327 elementor-position-top elementor-widget elementor-widget-image-box\" data-id=\"505b327\" data-element_type=\"widget\" data-e-type=\"widget\" data-widget_type=\"image-box.default\">\n\t\t\t\t<div class=\"elementor-widget-container\">\n\t\t\t\t\t<div class=\"elementor-image-box-wrapper\"><figure class=\"elementor-image-box-img\"><img loading=\"lazy\" decoding=\"async\" width=\"662\" height=\"662\" src=\"https:\/\/gimnasticdetarragona.cat\/wp-content\/uploads\/2023\/03\/Fredrik-Wester.png\" class=\"attachment-full size-full wp-image-91253\" alt=\"\" srcset=\"https:\/\/gimnasticdetarragona.cat\/wp-content\/uploads\/2023\/03\/Fredrik-Wester.png 662w, https:\/\/gimnasticdetarragona.cat\/wp-content\/uploads\/2023\/03\/Fredrik-Wester-300x300.png 300w, https:\/\/gimnasticdetarragona.cat\/wp-content\/uploads\/2023\/03\/Fredrik-Wester-150x150.png 150w\" sizes=\"(max-width: 662px) 100vw, 662px\" \/><\/figure><div class=\"elementor-image-box-content\"><h3 class=\"elementor-image-box-title\">Fredrik Wester<\/h3><p class=\"elementor-image-box-description\">Consejero<\/p><\/div><\/div>\t\t\t\t<\/div>\n\t\t\t\t<\/div>\n\t\t\t\t\t<\/div>\n\t\t<\/div>\n\t\t\t\t\t<\/div>\n\t\t<\/section>\n\t\t\t\t<section class=\"has_eae_slider elementor-section elementor-inner-section elementor-element elementor-element-093cf58 elementor-section-full_width elementor-section-height-default elementor-section-height-default\" data-eae-slider=\"51498\" data-id=\"093cf58\" data-element_type=\"section\" data-e-type=\"section\">\n\t\t\t\t\t\t<div class=\"elementor-container elementor-column-gap-default\">\n\t\t\t\t\t<div class=\"has_eae_slider elementor-column elementor-col-33 elementor-inner-column elementor-element elementor-element-f420319\" data-eae-slider=\"73934\" data-id=\"f420319\" data-element_type=\"column\" data-e-type=\"column\">\n\t\t\t<div class=\"elementor-widget-wrap elementor-element-populated\">\n\t\t\t\t\t\t<div class=\"elementor-element elementor-element-f56ddc4 elementor-position-top elementor-widget elementor-widget-image-box\" data-id=\"f56ddc4\" data-element_type=\"widget\" data-e-type=\"widget\" data-widget_type=\"image-box.default\">\n\t\t\t\t<div class=\"elementor-widget-container\">\n\t\t\t\t\t<div class=\"elementor-image-box-wrapper\"><figure class=\"elementor-image-box-img\"><img loading=\"lazy\" decoding=\"async\" width=\"662\" height=\"662\" src=\"https:\/\/gimnasticdetarragona.cat\/wp-content\/uploads\/2022\/06\/gimnastic-antoni-vallverdu.jpg\" class=\"attachment-full size-full wp-image-584\" alt=\"gimnastic-antoni-vallverdu\" srcset=\"https:\/\/gimnasticdetarragona.cat\/wp-content\/uploads\/2022\/06\/gimnastic-antoni-vallverdu.jpg 662w, https:\/\/gimnasticdetarragona.cat\/wp-content\/uploads\/2022\/06\/gimnastic-antoni-vallverdu-300x300.jpg 300w, https:\/\/gimnasticdetarragona.cat\/wp-content\/uploads\/2022\/06\/gimnastic-antoni-vallverdu-150x150.jpg 150w\" sizes=\"(max-width: 662px) 100vw, 662px\" \/><\/figure><div class=\"elementor-image-box-content\"><h3 class=\"elementor-image-box-title\">Antoni Vallverd\u00fa<\/h3><p class=\"elementor-image-box-description\">Consejero<\/p><\/div><\/div>\t\t\t\t<\/div>\n\t\t\t\t<\/div>\n\t\t\t\t\t<\/div>\n\t\t<\/div>\n\t\t\t\t<div class=\"has_eae_slider elementor-column elementor-col-33 elementor-inner-column elementor-element elementor-element-1caf5af\" data-eae-slider=\"9497\" data-id=\"1caf5af\" data-element_type=\"column\" data-e-type=\"column\">\n\t\t\t<div class=\"elementor-widget-wrap elementor-element-populated\">\n\t\t\t\t\t\t<div class=\"elementor-element elementor-element-221643b elementor-position-top elementor-widget elementor-widget-image-box\" data-id=\"221643b\" data-element_type=\"widget\" data-e-type=\"widget\" data-widget_type=\"image-box.default\">\n\t\t\t\t<div class=\"elementor-widget-container\">\n\t\t\t\t\t<div class=\"elementor-image-box-wrapper\"><figure class=\"elementor-image-box-img\"><img loading=\"lazy\" decoding=\"async\" width=\"662\" height=\"662\" src=\"https:\/\/gimnasticdetarragona.cat\/wp-content\/uploads\/2022\/06\/gimnastic-antoine-r-jorda.jpg\" class=\"attachment-full size-full wp-image-586\" alt=\"gimnastic-antoine-r-jorda\" srcset=\"https:\/\/gimnasticdetarragona.cat\/wp-content\/uploads\/2022\/06\/gimnastic-antoine-r-jorda.jpg 662w, https:\/\/gimnasticdetarragona.cat\/wp-content\/uploads\/2022\/06\/gimnastic-antoine-r-jorda-300x300.jpg 300w, https:\/\/gimnasticdetarragona.cat\/wp-content\/uploads\/2022\/06\/gimnastic-antoine-r-jorda-150x150.jpg 150w\" sizes=\"(max-width: 662px) 100vw, 662px\" \/><\/figure><div class=\"elementor-image-box-content\"><h3 class=\"elementor-image-box-title\">Antoine R. Jord\u00e0<\/h3><p class=\"elementor-image-box-description\">Consejero<\/p><\/div><\/div>\t\t\t\t<\/div>\n\t\t\t\t<\/div>\n\t\t\t\t\t<\/div>\n\t\t<\/div>\n\t\t\t\t<div class=\"has_eae_slider elementor-column elementor-col-33 elementor-inner-column elementor-element elementor-element-44455a1\" data-eae-slider=\"48241\" data-id=\"44455a1\" data-element_type=\"column\" data-e-type=\"column\">\n\t\t\t<div class=\"elementor-widget-wrap elementor-element-populated\">\n\t\t\t\t\t\t<div class=\"elementor-element elementor-element-de379c7 elementor-position-top elementor-widget elementor-widget-image-box\" data-id=\"de379c7\" data-element_type=\"widget\" data-e-type=\"widget\" data-widget_type=\"image-box.default\">\n\t\t\t\t<div class=\"elementor-widget-container\">\n\t\t\t\t\t<div class=\"elementor-image-box-wrapper\"><figure class=\"elementor-image-box-img\"><img loading=\"lazy\" decoding=\"async\" width=\"662\" height=\"662\" src=\"https:\/\/gimnasticdetarragona.cat\/wp-content\/uploads\/2022\/06\/gimnastic-juan-moran.jpg\" class=\"attachment-full size-full wp-image-588\" alt=\"gimnastic-juan-moran\" srcset=\"https:\/\/gimnasticdetarragona.cat\/wp-content\/uploads\/2022\/06\/gimnastic-juan-moran.jpg 662w, https:\/\/gimnasticdetarragona.cat\/wp-content\/uploads\/2022\/06\/gimnastic-juan-moran-300x300.jpg 300w, https:\/\/gimnasticdetarragona.cat\/wp-content\/uploads\/2022\/06\/gimnastic-juan-moran-150x150.jpg 150w\" sizes=\"(max-width: 662px) 100vw, 662px\" \/><\/figure><div class=\"elementor-image-box-content\"><h3 class=\"elementor-image-box-title\">Juan Mor\u00e1n<\/h3><p class=\"elementor-image-box-description\">Consejero<\/p><\/div><\/div>\t\t\t\t<\/div>\n\t\t\t\t<\/div>\n\t\t\t\t\t<\/div>\n\t\t<\/div>\n\t\t\t\t\t<\/div>\n\t\t<\/section>\n\t\t\t\t<section class=\"has_eae_slider elementor-section elementor-inner-section elementor-element elementor-element-715fc13 elementor-section-full_width elementor-section-height-default elementor-section-height-default\" data-eae-slider=\"57861\" data-id=\"715fc13\" data-element_type=\"section\" data-e-type=\"section\">\n\t\t\t\t\t\t<div class=\"elementor-container elementor-column-gap-default\">\n\t\t\t\t\t<div class=\"has_eae_slider elementor-column elementor-col-33 elementor-inner-column elementor-element elementor-element-8138bdd\" data-eae-slider=\"64834\" data-id=\"8138bdd\" data-element_type=\"column\" data-e-type=\"column\">\n\t\t\t<div class=\"elementor-widget-wrap elementor-element-populated\">\n\t\t\t\t\t\t<div class=\"elementor-element elementor-element-9e795c3 elementor-position-top elementor-widget elementor-widget-image-box\" data-id=\"9e795c3\" data-element_type=\"widget\" data-e-type=\"widget\" data-widget_type=\"image-box.default\">\n\t\t\t\t<div class=\"elementor-widget-container\">\n\t\t\t\t\t<div class=\"elementor-image-box-wrapper\"><figure class=\"elementor-image-box-img\"><img loading=\"lazy\" decoding=\"async\" width=\"662\" height=\"662\" src=\"https:\/\/gimnasticdetarragona.cat\/wp-content\/uploads\/2022\/06\/gimnastic-jesus-albiol.jpg\" class=\"attachment-full size-full wp-image-590\" alt=\"gimnastic-jesus-albiol\" srcset=\"https:\/\/gimnasticdetarragona.cat\/wp-content\/uploads\/2022\/06\/gimnastic-jesus-albiol.jpg 662w, https:\/\/gimnasticdetarragona.cat\/wp-content\/uploads\/2022\/06\/gimnastic-jesus-albiol-300x300.jpg 300w, https:\/\/gimnasticdetarragona.cat\/wp-content\/uploads\/2022\/06\/gimnastic-jesus-albiol-150x150.jpg 150w\" sizes=\"(max-width: 662px) 100vw, 662px\" \/><\/figure><div class=\"elementor-image-box-content\"><h3 class=\"elementor-image-box-title\">Jes\u00fas Albiol<\/h3><p class=\"elementor-image-box-description\">Consejero<\/p><\/div><\/div>\t\t\t\t<\/div>\n\t\t\t\t<\/div>\n\t\t\t\t\t<\/div>\n\t\t<\/div>\n\t\t\t\t<div class=\"has_eae_slider elementor-column elementor-col-33 elementor-inner-column elementor-element elementor-element-e3d2f6e\" data-eae-slider=\"91393\" data-id=\"e3d2f6e\" data-element_type=\"column\" data-e-type=\"column\">\n\t\t\t<div class=\"elementor-widget-wrap elementor-element-populated\">\n\t\t\t\t\t\t<div class=\"elementor-element elementor-element-704009c elementor-position-top elementor-widget elementor-widget-image-box\" data-id=\"704009c\" data-element_type=\"widget\" data-e-type=\"widget\" data-widget_type=\"image-box.default\">\n\t\t\t\t<div class=\"elementor-widget-container\">\n\t\t\t\t\t<div class=\"elementor-image-box-wrapper\"><figure class=\"elementor-image-box-img\"><img loading=\"lazy\" decoding=\"async\" width=\"662\" height=\"662\" src=\"https:\/\/gimnasticdetarragona.cat\/wp-content\/uploads\/2022\/06\/gimnastic-josep-alio.jpg\" class=\"attachment-full size-full wp-image-592\" alt=\"gimnastic-josep-alio\" srcset=\"https:\/\/gimnasticdetarragona.cat\/wp-content\/uploads\/2022\/06\/gimnastic-josep-alio.jpg 662w, https:\/\/gimnasticdetarragona.cat\/wp-content\/uploads\/2022\/06\/gimnastic-josep-alio-300x300.jpg 300w, https:\/\/gimnasticdetarragona.cat\/wp-content\/uploads\/2022\/06\/gimnastic-josep-alio-150x150.jpg 150w\" sizes=\"(max-width: 662px) 100vw, 662px\" \/><\/figure><div class=\"elementor-image-box-content\"><h3 class=\"elementor-image-box-title\">Josep Ali\u00f3<\/h3><p class=\"elementor-image-box-description\">Consejero<\/p><\/div><\/div>\t\t\t\t<\/div>\n\t\t\t\t<\/div>\n\t\t\t\t\t<\/div>\n\t\t<\/div>\n\t\t\t\t<div class=\"has_eae_slider elementor-column elementor-col-33 elementor-inner-column elementor-element elementor-element-1df288c\" data-eae-slider=\"45946\" data-id=\"1df288c\" data-element_type=\"column\" data-e-type=\"column\">\n\t\t\t<div class=\"elementor-widget-wrap elementor-element-populated\">\n\t\t\t\t\t\t<div class=\"elementor-element elementor-element-bbadf7e elementor-position-top elementor-widget elementor-widget-image-box\" data-id=\"bbadf7e\" data-element_type=\"widget\" data-e-type=\"widget\" data-widget_type=\"image-box.default\">\n\t\t\t\t<div class=\"elementor-widget-container\">\n\t\t\t\t\t<div class=\"elementor-image-box-wrapper\"><figure class=\"elementor-image-box-img\"><img loading=\"lazy\" decoding=\"async\" width=\"662\" height=\"662\" src=\"https:\/\/gimnasticdetarragona.cat\/wp-content\/uploads\/2022\/06\/gimnastic-irene-mallol.jpg\" class=\"attachment-full size-full wp-image-596\" alt=\"gimnastic-irene-mallol\" srcset=\"https:\/\/gimnasticdetarragona.cat\/wp-content\/uploads\/2022\/06\/gimnastic-irene-mallol.jpg 662w, https:\/\/gimnasticdetarragona.cat\/wp-content\/uploads\/2022\/06\/gimnastic-irene-mallol-300x300.jpg 300w, https:\/\/gimnasticdetarragona.cat\/wp-content\/uploads\/2022\/06\/gimnastic-irene-mallol-150x150.jpg 150w\" sizes=\"(max-width: 662px) 100vw, 662px\" \/><\/figure><div class=\"elementor-image-box-content\"><h3 class=\"elementor-image-box-title\">Irene Mallol<\/h3><p class=\"elementor-image-box-description\">Consejera<\/p><\/div><\/div>\t\t\t\t<\/div>\n\t\t\t\t<\/div>\n\t\t\t\t\t<\/div>\n\t\t<\/div>\n\t\t\t\t\t<\/div>\n\t\t<\/section>\n\t\t\t\t<section class=\"has_eae_slider elementor-section elementor-inner-section elementor-element elementor-element-ca7b040 elementor-section-full_width elementor-section-height-default elementor-section-height-default\" data-eae-slider=\"25700\" data-id=\"ca7b040\" data-element_type=\"section\" data-e-type=\"section\">\n\t\t\t\t\t\t<div class=\"elementor-container elementor-column-gap-default\">\n\t\t\t\t\t<div class=\"has_eae_slider elementor-column elementor-col-33 elementor-inner-column elementor-element elementor-element-642ee62\" data-eae-slider=\"15959\" data-id=\"642ee62\" data-element_type=\"column\" data-e-type=\"column\">\n\t\t\t<div class=\"elementor-widget-wrap elementor-element-populated\">\n\t\t\t\t\t\t<div class=\"elementor-element elementor-element-e5fe328 elementor-position-top elementor-widget elementor-widget-image-box\" data-id=\"e5fe328\" data-element_type=\"widget\" data-e-type=\"widget\" data-widget_type=\"image-box.default\">\n\t\t\t\t<div class=\"elementor-widget-container\">\n\t\t\t\t\t<div class=\"elementor-image-box-wrapper\"><figure class=\"elementor-image-box-img\"><img loading=\"lazy\" decoding=\"async\" width=\"1024\" height=\"1024\" src=\"https:\/\/gimnasticdetarragona.cat\/wp-content\/uploads\/2025\/12\/David-conseller.jpg\" class=\"attachment-full size-full wp-image-101152\" alt=\"\" srcset=\"https:\/\/gimnasticdetarragona.cat\/wp-content\/uploads\/2025\/12\/David-conseller.jpg 1024w, https:\/\/gimnasticdetarragona.cat\/wp-content\/uploads\/2025\/12\/David-conseller-300x300.jpg 300w, https:\/\/gimnasticdetarragona.cat\/wp-content\/uploads\/2025\/12\/David-conseller-150x150.jpg 150w, https:\/\/gimnasticdetarragona.cat\/wp-content\/uploads\/2025\/12\/David-conseller-768x768.jpg 768w\" sizes=\"(max-width: 1024px) 100vw, 1024px\" \/><\/figure><div class=\"elementor-image-box-content\"><h3 class=\"elementor-image-box-title\">David Marzo<\/h3><p class=\"elementor-image-box-description\">Consejero<\/p><\/div><\/div>\t\t\t\t<\/div>\n\t\t\t\t<\/div>\n\t\t\t\t\t<\/div>\n\t\t<\/div>\n\t\t\t\t<div class=\"has_eae_slider elementor-column elementor-col-33 elementor-inner-column elementor-element elementor-element-3360971\" data-eae-slider=\"6758\" data-id=\"3360971\" data-element_type=\"column\" data-e-type=\"column\">\n\t\t\t<div class=\"elementor-widget-wrap elementor-element-populated\">\n\t\t\t\t\t\t<div class=\"elementor-element elementor-element-8eb43fd elementor-position-top elementor-widget elementor-widget-image-box\" data-id=\"8eb43fd\" data-element_type=\"widget\" data-e-type=\"widget\" data-widget_type=\"image-box.default\">\n\t\t\t\t<div class=\"elementor-widget-container\">\n\t\t\t\t\t<div class=\"elementor-image-box-wrapper\"><figure class=\"elementor-image-box-img\"><img loading=\"lazy\" decoding=\"async\" width=\"300\" height=\"300\" src=\"https:\/\/gimnasticdetarragona.cat\/wp-content\/uploads\/2022\/06\/gimnastic-javier-balana.jpg\" class=\"attachment-full size-full wp-image-491\" alt=\"gimnastic-javier-balana\" srcset=\"https:\/\/gimnasticdetarragona.cat\/wp-content\/uploads\/2022\/06\/gimnastic-javier-balana.jpg 300w, https:\/\/gimnasticdetarragona.cat\/wp-content\/uploads\/2022\/06\/gimnastic-javier-balana-150x150.jpg 150w\" sizes=\"(max-width: 300px) 100vw, 300px\" \/><\/figure><div class=\"elementor-image-box-content\"><h3 class=\"elementor-image-box-title\">Javier Bala\u00f1\u00e1<\/h3><p class=\"elementor-image-box-description\">Secretario<\/p><\/div><\/div>\t\t\t\t<\/div>\n\t\t\t\t<\/div>\n\t\t\t\t\t<\/div>\n\t\t<\/div>\n\t\t\t\t<div class=\"has_eae_slider elementor-column elementor-col-33 elementor-inner-column elementor-element elementor-element-64b0c68\" data-eae-slider=\"39817\" data-id=\"64b0c68\" data-element_type=\"column\" data-e-type=\"column\">\n\t\t\t<div class=\"elementor-widget-wrap\">\n\t\t\t\t\t\t\t<\/div>\n\t\t<\/div>\n\t\t\t\t\t<\/div>\n\t\t<\/section>\n\t\t\t\t\t<\/div>\n\t\t<\/div>\n\t\t\t\t\t<\/div>\n\t\t<\/section>\n\t\t\t\t<section class=\"has_eae_slider elementor-section elementor-top-section elementor-element elementor-element-825be9a elementor-section-boxed elementor-section-height-default elementor-section-height-default\" data-eae-slider=\"79769\" data-id=\"825be9a\" data-element_type=\"section\" data-e-type=\"section\">\n\t\t\t\t\t\t<div class=\"elementor-container elementor-column-gap-default\">\n\t\t\t\t\t<div class=\"has_eae_slider elementor-column elementor-col-100 elementor-top-column elementor-element elementor-element-cbf1777\" data-eae-slider=\"56607\" data-id=\"cbf1777\" data-element_type=\"column\" data-e-type=\"column\">\n\t\t\t<div class=\"elementor-widget-wrap elementor-element-populated\">\n\t\t\t\t\t\t<div class=\"elementor-element elementor-element-4661c9d elementor-widget-divider--view-line elementor-widget elementor-widget-divider\" data-id=\"4661c9d\" data-element_type=\"widget\" data-e-type=\"widget\" data-widget_type=\"divider.default\">\n\t\t\t\t<div class=\"elementor-widget-container\">\n\t\t\t\t\t\t\t<div class=\"elementor-divider\">\n\t\t\t<span class=\"elementor-divider-separator\">\n\t\t\t\t\t\t<\/span>\n\t\t<\/div>\n\t\t\t\t\t\t<\/div>\n\t\t\t\t<\/div>\n\t\t\t\t\t<\/div>\n\t\t<\/div>\n\t\t\t\t\t<\/div>\n\t\t<\/section>\n\t\t\t\t<section class=\"has_eae_slider elementor-section elementor-top-section elementor-element elementor-element-2022607 elementor-section-boxed elementor-section-height-default elementor-section-height-default\" data-eae-slider=\"87604\" data-id=\"2022607\" data-element_type=\"section\" data-e-type=\"section\">\n\t\t\t\t\t\t<div class=\"elementor-container elementor-column-gap-default\">\n\t\t\t\t\t<div class=\"has_eae_slider elementor-column elementor-col-100 elementor-top-column elementor-element elementor-element-7d69696\" data-eae-slider=\"15405\" data-id=\"7d69696\" data-element_type=\"column\" data-e-type=\"column\">\n\t\t\t<div class=\"elementor-widget-wrap elementor-element-populated\">\n\t\t\t\t\t\t<div class=\"elementor-element elementor-element-198e031 elementor-widget elementor-widget-spacer\" data-id=\"198e031\" data-element_type=\"widget\" data-e-type=\"widget\" data-widget_type=\"spacer.default\">\n\t\t\t\t<div class=\"elementor-widget-container\">\n\t\t\t\t\t\t\t<div class=\"elementor-spacer\">\n\t\t\t<div class=\"elementor-spacer-inner\"><\/div>\n\t\t<\/div>\n\t\t\t\t\t\t<\/div>\n\t\t\t\t<\/div>\n\t\t\t\t\t<\/div>\n\t\t<\/div>\n\t\t\t\t\t<\/div>\n\t\t<\/section>\n\t\t\t\t<\/div>\n\t\t","protected":false},"excerpt":{"rendered":"<p>Volver CONSEJO DE ADMINISTRACI\u00d3N SAE Llu\u00eds F\u00e0bregas Presidente ejecutivo Josep Maria Andreu Consejero Fredrik Wester Consejero Antoni Vallverd\u00fa Consejero Antoine R. Jord\u00e0 Consejero Juan Mor\u00e1n Consejero Jes\u00fas Albiol Consejero Josep Ali\u00f3 Consejero Irene Mallol Consejera David Marzo Consejero Javier Bala\u00f1\u00e1 Secretario<\/p>\n","protected":false},"author":6,"featured_media":0,"parent":0,"menu_order":0,"comment_status":"closed","ping_status":"closed","template":"","meta":{"_acf_changed":false,"footnotes":""},"class_list":["post-1533","page","type-page","status-publish","hentry"],"acf":[],"yoast_head":"<!-- This site is optimized with the Yoast SEO plugin v27.3 - https:\/\/yoast.com\/product\/yoast-seo-wordpress\/ -->\n<title>Consejo Administracion - Gimn\u00e0stic de Tarragona SAD<\/title>\n<meta name=\"robots\" content=\"index, follow, max-snippet:-1, max-image-preview:large, max-video-preview:-1\" \/>\n<link rel=\"canonical\" href=\"https:\/\/gimnasticdetarragona.cat\/es\/consejo-administracion\/\" \/>\n<meta property=\"og:locale\" content=\"es_ES\" \/>\n<meta property=\"og:type\" content=\"article\" \/>\n<meta property=\"og:title\" content=\"Consejo Administracion - Gimn\u00e0stic de Tarragona SAD\" \/>\n<meta property=\"og:description\" content=\"Volver CONSEJO DE ADMINISTRACI\u00d3N SAE Llu\u00eds F\u00e0bregas Presidente ejecutivo Josep Maria Andreu Consejero Fredrik Wester Consejero Antoni Vallverd\u00fa Consejero Antoine R. Jord\u00e0 Consejero Juan Mor\u00e1n Consejero Jes\u00fas Albiol Consejero Josep Ali\u00f3 Consejero Irene Mallol Consejera David Marzo Consejero Javier Bala\u00f1\u00e1 Secretario\" \/>\n<meta property=\"og:url\" content=\"https:\/\/gimnasticdetarragona.cat\/es\/consejo-administracion\/\" \/>\n<meta property=\"og:site_name\" content=\"Gimn\u00e0stic de Tarragona SAD\" \/>\n<meta property=\"article:modified_time\" content=\"2025-12-21T21:24:15+00:00\" \/>\n<meta property=\"og:image\" content=\"https:\/\/gimnasticdetarragona.cat\/wp-content\/uploads\/2022\/06\/logo-nastic-vermell.jpg\" \/>\n\t<meta property=\"og:image:width\" content=\"662\" \/>\n\t<meta property=\"og:image:height\" content=\"770\" \/>\n\t<meta property=\"og:image:type\" content=\"image\/jpeg\" \/>\n<meta name=\"twitter:card\" content=\"summary_large_image\" \/>\n<meta name=\"twitter:site\" content=\"@NASTICTARRAGONA\" \/>\n<script type=\"application\/ld+json\" class=\"yoast-schema-graph\">{\"@context\":\"https:\\\/\\\/schema.org\",\"@graph\":[{\"@type\":\"WebPage\",\"@id\":\"https:\\\/\\\/gimnasticdetarragona.cat\\\/es\\\/consejo-administracion\\\/\",\"url\":\"https:\\\/\\\/gimnasticdetarragona.cat\\\/es\\\/consejo-administracion\\\/\",\"name\":\"Consejo Administracion - Gimn\u00e0stic de Tarragona SAD\",\"isPartOf\":{\"@id\":\"https:\\\/\\\/gimnasticdetarragona.cat\\\/es\\\/#website\"},\"primaryImageOfPage\":{\"@id\":\"https:\\\/\\\/gimnasticdetarragona.cat\\\/es\\\/consejo-administracion\\\/#primaryimage\"},\"image\":{\"@id\":\"https:\\\/\\\/gimnasticdetarragona.cat\\\/es\\\/consejo-administracion\\\/#primaryimage\"},\"thumbnailUrl\":\"https:\\\/\\\/gimnasticdetarragona.cat\\\/wp-content\\\/uploads\\\/2022\\\/06\\\/logo-nastic-vermell.jpg\",\"datePublished\":\"2022-06-15T05:34:20+00:00\",\"dateModified\":\"2025-12-21T21:24:15+00:00\",\"breadcrumb\":{\"@id\":\"https:\\\/\\\/gimnasticdetarragona.cat\\\/es\\\/consejo-administracion\\\/#breadcrumb\"},\"inLanguage\":\"es\",\"potentialAction\":[{\"@type\":\"ReadAction\",\"target\":[\"https:\\\/\\\/gimnasticdetarragona.cat\\\/es\\\/consejo-administracion\\\/\"]}]},{\"@type\":\"ImageObject\",\"inLanguage\":\"es\",\"@id\":\"https:\\\/\\\/gimnasticdetarragona.cat\\\/es\\\/consejo-administracion\\\/#primaryimage\",\"url\":\"https:\\\/\\\/gimnasticdetarragona.cat\\\/wp-content\\\/uploads\\\/2022\\\/06\\\/logo-nastic-vermell.jpg\",\"contentUrl\":\"https:\\\/\\\/gimnasticdetarragona.cat\\\/wp-content\\\/uploads\\\/2022\\\/06\\\/logo-nastic-vermell.jpg\"},{\"@type\":\"BreadcrumbList\",\"@id\":\"https:\\\/\\\/gimnasticdetarragona.cat\\\/es\\\/consejo-administracion\\\/#breadcrumb\",\"itemListElement\":[{\"@type\":\"ListItem\",\"position\":1,\"name\":\"Inici\",\"item\":\"https:\\\/\\\/gimnasticdetarragona.cat\\\/es\\\/nastic\\\/\"},{\"@type\":\"ListItem\",\"position\":2,\"name\":\"Consejo Administracion\"}]},{\"@type\":\"WebSite\",\"@id\":\"https:\\\/\\\/gimnasticdetarragona.cat\\\/es\\\/#website\",\"url\":\"https:\\\/\\\/gimnasticdetarragona.cat\\\/es\\\/\",\"name\":\"Gimn\u00e0stic de Tarragona SAD\",\"description\":\"Gimn\u00e0stic de Tarragona\",\"publisher\":{\"@id\":\"https:\\\/\\\/gimnasticdetarragona.cat\\\/es\\\/#organization\"},\"potentialAction\":[{\"@type\":\"SearchAction\",\"target\":{\"@type\":\"EntryPoint\",\"urlTemplate\":\"https:\\\/\\\/gimnasticdetarragona.cat\\\/es\\\/?s={search_term_string}\"},\"query-input\":{\"@type\":\"PropertyValueSpecification\",\"valueRequired\":true,\"valueName\":\"search_term_string\"}}],\"inLanguage\":\"es\"},{\"@type\":\"Organization\",\"@id\":\"https:\\\/\\\/gimnasticdetarragona.cat\\\/es\\\/#organization\",\"name\":\"GIMN\u00c0STIC DE TARRAGONA\",\"alternateName\":\"N\u00c0STIC\",\"url\":\"https:\\\/\\\/gimnasticdetarragona.cat\\\/es\\\/\",\"logo\":{\"@type\":\"ImageObject\",\"inLanguage\":\"es\",\"@id\":\"https:\\\/\\\/gimnasticdetarragona.cat\\\/es\\\/#\\\/schema\\\/logo\\\/image\\\/\",\"url\":\"https:\\\/\\\/gimnasticdetarragona.cat\\\/wp-content\\\/uploads\\\/2022\\\/06\\\/cropped-logo-gimnastic.png\",\"contentUrl\":\"https:\\\/\\\/gimnasticdetarragona.cat\\\/wp-content\\\/uploads\\\/2022\\\/06\\\/cropped-logo-gimnastic.png\",\"width\":224,\"height\":83,\"caption\":\"GIMN\u00c0STIC DE TARRAGONA\"},\"image\":{\"@id\":\"https:\\\/\\\/gimnasticdetarragona.cat\\\/es\\\/#\\\/schema\\\/logo\\\/image\\\/\"},\"sameAs\":[\"https:\\\/\\\/x.com\\\/NASTICTARRAGONA\",\"https:\\\/\\\/www.instagram.com\\\/nastictarragona\\\/\"]}]}<\/script>\n<!-- \/ Yoast SEO plugin. -->","yoast_head_json":{"title":"Consejo Administracion - Gimn\u00e0stic de Tarragona SAD","robots":{"index":"index","follow":"follow","max-snippet":"max-snippet:-1","max-image-preview":"max-image-preview:large","max-video-preview":"max-video-preview:-1"},"canonical":"https:\/\/gimnasticdetarragona.cat\/es\/consejo-administracion\/","og_locale":"es_ES","og_type":"article","og_title":"Consejo Administracion - Gimn\u00e0stic de Tarragona SAD","og_description":"Volver CONSEJO DE ADMINISTRACI\u00d3N SAE Llu\u00eds F\u00e0bregas Presidente ejecutivo Josep Maria Andreu Consejero Fredrik Wester Consejero Antoni Vallverd\u00fa Consejero Antoine R. Jord\u00e0 Consejero Juan Mor\u00e1n Consejero Jes\u00fas Albiol Consejero Josep Ali\u00f3 Consejero Irene Mallol Consejera David Marzo Consejero Javier Bala\u00f1\u00e1 Secretario","og_url":"https:\/\/gimnasticdetarragona.cat\/es\/consejo-administracion\/","og_site_name":"Gimn\u00e0stic de Tarragona SAD","article_modified_time":"2025-12-21T21:24:15+00:00","og_image":[{"width":662,"height":770,"url":"https:\/\/gimnasticdetarragona.cat\/wp-content\/uploads\/2022\/06\/logo-nastic-vermell.jpg","type":"image\/jpeg"}],"twitter_card":"summary_large_image","twitter_site":"@NASTICTARRAGONA","schema":{"@context":"https:\/\/schema.org","@graph":[{"@type":"WebPage","@id":"https:\/\/gimnasticdetarragona.cat\/es\/consejo-administracion\/","url":"https:\/\/gimnasticdetarragona.cat\/es\/consejo-administracion\/","name":"Consejo Administracion - Gimn\u00e0stic de Tarragona SAD","isPartOf":{"@id":"https:\/\/gimnasticdetarragona.cat\/es\/#website"},"primaryImageOfPage":{"@id":"https:\/\/gimnasticdetarragona.cat\/es\/consejo-administracion\/#primaryimage"},"image":{"@id":"https:\/\/gimnasticdetarragona.cat\/es\/consejo-administracion\/#primaryimage"},"thumbnailUrl":"https:\/\/gimnasticdetarragona.cat\/wp-content\/uploads\/2022\/06\/logo-nastic-vermell.jpg","datePublished":"2022-06-15T05:34:20+00:00","dateModified":"2025-12-21T21:24:15+00:00","breadcrumb":{"@id":"https:\/\/gimnasticdetarragona.cat\/es\/consejo-administracion\/#breadcrumb"},"inLanguage":"es","potentialAction":[{"@type":"ReadAction","target":["https:\/\/gimnasticdetarragona.cat\/es\/consejo-administracion\/"]}]},{"@type":"ImageObject","inLanguage":"es","@id":"https:\/\/gimnasticdetarragona.cat\/es\/consejo-administracion\/#primaryimage","url":"https:\/\/gimnasticdetarragona.cat\/wp-content\/uploads\/2022\/06\/logo-nastic-vermell.jpg","contentUrl":"https:\/\/gimnasticdetarragona.cat\/wp-content\/uploads\/2022\/06\/logo-nastic-vermell.jpg"},{"@type":"BreadcrumbList","@id":"https:\/\/gimnasticdetarragona.cat\/es\/consejo-administracion\/#breadcrumb","itemListElement":[{"@type":"ListItem","position":1,"name":"Inici","item":"https:\/\/gimnasticdetarragona.cat\/es\/nastic\/"},{"@type":"ListItem","position":2,"name":"Consejo Administracion"}]},{"@type":"WebSite","@id":"https:\/\/gimnasticdetarragona.cat\/es\/#website","url":"https:\/\/gimnasticdetarragona.cat\/es\/","name":"Gimn\u00e0stic de Tarragona SAD","description":"Gimn\u00e0stic de Tarragona","publisher":{"@id":"https:\/\/gimnasticdetarragona.cat\/es\/#organization"},"potentialAction":[{"@type":"SearchAction","target":{"@type":"EntryPoint","urlTemplate":"https:\/\/gimnasticdetarragona.cat\/es\/?s={search_term_string}"},"query-input":{"@type":"PropertyValueSpecification","valueRequired":true,"valueName":"search_term_string"}}],"inLanguage":"es"},{"@type":"Organization","@id":"https:\/\/gimnasticdetarragona.cat\/es\/#organization","name":"GIMN\u00c0STIC DE TARRAGONA","alternateName":"N\u00c0STIC","url":"https:\/\/gimnasticdetarragona.cat\/es\/","logo":{"@type":"ImageObject","inLanguage":"es","@id":"https:\/\/gimnasticdetarragona.cat\/es\/#\/schema\/logo\/image\/","url":"https:\/\/gimnasticdetarragona.cat\/wp-content\/uploads\/2022\/06\/cropped-logo-gimnastic.png","contentUrl":"https:\/\/gimnasticdetarragona.cat\/wp-content\/uploads\/2022\/06\/cropped-logo-gimnastic.png","width":224,"height":83,"caption":"GIMN\u00c0STIC DE TARRAGONA"},"image":{"@id":"https:\/\/gimnasticdetarragona.cat\/es\/#\/schema\/logo\/image\/"},"sameAs":["https:\/\/x.com\/NASTICTARRAGONA","https:\/\/www.instagram.com\/nastictarragona\/"]}]}},"_links":{"self":[{"href":"https:\/\/gimnasticdetarragona.cat\/es\/wp-json\/wp\/v2\/pages\/1533","targetHints":{"allow":["GET"]}}],"collection":[{"href":"https:\/\/gimnasticdetarragona.cat\/es\/wp-json\/wp\/v2\/pages"}],"about":[{"href":"https:\/\/gimnasticdetarragona.cat\/es\/wp-json\/wp\/v2\/types\/page"}],"author":[{"embeddable":true,"href":"https:\/\/gimnasticdetarragona.cat\/es\/wp-json\/wp\/v2\/users\/6"}],"replies":[{"embeddable":true,"href":"https:\/\/gimnasticdetarragona.cat\/es\/wp-json\/wp\/v2\/comments?post=1533"}],"version-history":[{"count":2,"href":"https:\/\/gimnasticdetarragona.cat\/es\/wp-json\/wp\/v2\/pages\/1533\/revisions"}],"predecessor-version":[{"id":101160,"href":"https:\/\/gimnasticdetarragona.cat\/es\/wp-json\/wp\/v2\/pages\/1533\/revisions\/101160"}],"wp:attachment":[{"href":"https:\/\/gimnasticdetarragona.cat\/es\/wp-json\/wp\/v2\/media?parent=1533"}],"curies":[{"name":"wp","href":"https:\/\/api.w.org\/{rel}","templated":true}]}}